{"id":44,"date":"2018-02-06T16:29:04","date_gmt":"2018-02-06T16:29:04","guid":{"rendered":"http:\/\/m2assurance.com\/?page_id=44"},"modified":"2021-12-30T10:16:41","modified_gmt":"2021-12-30T15:16:41","slug":"a-propos","status":"publish","type":"page","link":"https:\/\/www.m2assurance.com\/fr\/a-propos\/","title":{"rendered":"\u00c0 propos"},"content":{"rendered":"<div class=\"wpb-content-wrapper\"><p>[vc_row css_animation=\u00a0\u00bb\u00a0\u00bb row_type=\u00a0\u00bbrow\u00a0\u00bb use_row_as_full_screen_section=\u00a0\u00bbno\u00a0\u00bb type=\u00a0\u00bbfull_width\u00a0\u00bb angled_section=\u00a0\u00bbno\u00a0\u00bb text_align=\u00a0\u00bbleft\u00a0\u00bb background_image_as_pattern=\u00a0\u00bbwithout_pattern\u00a0\u00bb css=\u00a0\u00bb.vc_custom_1557253783944{padding-top: 30px !important;padding-bottom: 30px !important;background-color: #e2e1e1 !important;}\u00a0\u00bb z_index=\u00a0\u00bb\u00a0\u00bb][vc_column][vc_row_inner row_type=\u00a0\u00bbrow\u00a0\u00bb type=\u00a0\u00bbgrid\u00a0\u00bb text_align=\u00a0\u00bbleft\u00a0\u00bb css_animation=\u00a0\u00bb\u00a0\u00bb][vc_column_inner][vc_column_text]<\/p>\n<h1>\u00c0 propos<\/h1>\n<p>[\/vc_column_text][\/vc_column_inner][\/vc_row_inner][\/vc_column][\/vc_row][vc_row css_animation=\u00a0\u00bb\u00a0\u00bb row_type=\u00a0\u00bbrow\u00a0\u00bb use_row_as_full_screen_section=\u00a0\u00bbno\u00a0\u00bb type=\u00a0\u00bbgrid\u00a0\u00bb angled_section=\u00a0\u00bbno\u00a0\u00bb text_align=\u00a0\u00bbleft\u00a0\u00bb background_image_as_pattern=\u00a0\u00bbwithout_pattern\u00a0\u00bb css=\u00a0\u00bb.vc_custom_1557253808384{padding-top: 15px !important;background-color: #ffffff !important;}\u00a0\u00bb z_index=\u00a0\u00bb\u00a0\u00bb][vc_column el_class=\u00a0\u00bbinner_page_top_left\u00a0\u00bb][vc_column_text css=\u00a0\u00bb.vc_custom_1640877384744{margin-bottom: 30px !important;}\u00a0\u00bb el_class=\u00a0\u00bbvaleurs-intro\u00a0\u00bb]M2 Assurance est un cabinet en assurance de dommages situ\u00e9 \u00e0 Vaudreuil-Dorion, sur la rue Aim\u00e9-Vincent. \u00c0 ce jour, l\u2019\u00e9quipe de M2 Assurance regroupe plus de <strong><span style=\"color: #ef4e23;\">20 courtiers en assurance de dommages, certifi\u00e9s et sp\u00e9cialis\u00e9s en particulier, en entreprise, en agricole ainsi qu\u2019en camionnage<\/span><\/strong>. L&rsquo;\u00e9quipe de M2 Assurance est dynamique, diversifi\u00e9e, innovante et son but premier est de servir l\u2019int\u00e9r\u00eat de ses clients. Chaque client est attitr\u00e9 \u00e0 un courtier : la relation courtier-client est primordiale pour M2 Assurance.[\/vc_column_text][vc_column_text el_class=\u00a0\u00bbvaleurs\u00a0\u00bb css=\u00a0\u00bb.vc_custom_1612976449660{margin-bottom: 30px !important;}\u00a0\u00bb]<\/p>\n<h2><\/h2>\n<h2><span style=\"color: #ef4e23;\">Notre mission :<\/span><\/h2>\n<p>La mission de M2 consiste \u00e0 offrir le meilleur service et accompagnement possible en s\u2019appuyant sur le respect du client, de sa situation ainsi que de ses contraintes, et de prendre connaissance de l\u2019ensemble de ses besoins afin de lui offrir des produits sur mesures.<\/p>\n<p>&nbsp;<\/p>\n<h2><\/h2>\n<h2><span style=\"color: #ef4e23;\">Nos valeurs:<\/span><\/h2>\n<p>&nbsp;<\/p>\n<h5><strong>Int\u00e9grit\u00e9\u00a0<\/strong><\/h5>\n<p>M2 Assurance a au c\u0153ur de ses pr\u00e9occupations la confiance que les clients lui t\u00e9moignent. Le travail de ses courtiers se fait dans les r\u00e8gles de l\u2019art et les conseils donn\u00e9s sont coh\u00e9rents et fiables.<\/p>\n<p>[vc_separator type=&rsquo;normal&rsquo; position=&rsquo;center&rsquo; color=&rsquo;#ef4e23&prime; thickness=\u00a0\u00bb up=&rsquo;30&rsquo; down=&rsquo;30&rsquo;]<\/p>\n<h5><strong>Valeur ajout\u00e9e<\/strong><\/h5>\n<p>Le travail du courtier d\u2019assurance n\u2019est pas seulement d\u2019offrir une prime d\u2019assurance refl\u00e9tant les besoins de son client, mais d\u2019\u00eatre pr\u00e9sent et proactif tout au long de son mandat aupr\u00e8s de son client, que ce soit pour le suivi durant le contrat ou lors d\u2019un sinistre.<\/p>\n<p>[vc_separator type=&rsquo;normal&rsquo; position=&rsquo;center&rsquo; color=&rsquo;#ef4e23&prime; thickness=\u00a0\u00bb up=&rsquo;30&rsquo; down=&rsquo;30&rsquo;]<\/p>\n<h5><strong>Le respect et l\u2019\u00e9coute\u00a0active<\/strong><\/h5>\n<p>Offrir le meilleur service s\u2019appuie d\u2019abord et avant tout sur le respect du client, de sa situation ainsi que de ses contraintes, et la prise de connaissance de l\u2019ensemble de ses besoins afin de mieux le servir.<\/p>\n<p>[vc_separator type=&rsquo;normal&rsquo; position=&rsquo;center&rsquo; color=&rsquo;#ef4e23&prime; thickness=\u00a0\u00bb up=&rsquo;30&rsquo; down=&rsquo;30&rsquo;]<\/p>\n<h5><strong>Innovation\u00a0<\/strong><\/h5>\n<p>Chez M2 Assurance, nos outils de travail ainsi que nos fa\u00e7ons de faire sont en constante \u00e9volution afin de toujours mieux servir nos clients.[\/vc_column_text][vc_column_text el_class=\u00a0\u00bbvaleurs\u00a0\u00bb]<\/p>\n<h2 style=\"padding-bottom: 15px;\"><span style=\"color: #ef4e23;\">Nos assureurs:<\/span><\/h2>\n<p>M2 assurance a des contrats avec plusieurs assureurs tels que :<\/p>\n<ul style=\"margin-top: 15px;\">\n<li>Intact (avec qui nous avons des liens financiers et avec qui nous pla\u00e7ons 85% de nos risques en assurance des particuliers)<\/li>\n<li>Echelon<\/li>\n<li>Unique<\/li>\n<li>Economical<\/li>\n<li>De plus, nous transigeons avec une multitude de grossistes dont la banni\u00e8re Assurexpert.<\/li>\n<\/ul>\n<p>[\/vc_column_text][\/vc_column][\/vc_row][vc_row css_animation=\u00a0\u00bb\u00a0\u00bb row_type=\u00a0\u00bbrow\u00a0\u00bb use_row_as_full_screen_section=\u00a0\u00bbno\u00a0\u00bb type=\u00a0\u00bbfull_width\u00a0\u00bb angled_section=\u00a0\u00bbno\u00a0\u00bb text_align=\u00a0\u00bbleft\u00a0\u00bb background_image_as_pattern=\u00a0\u00bbwithout_pattern\u00a0\u00bb css=\u00a0\u00bb.vc_custom_1517944377801{padding-top: 40px !important;padding-bottom: 30px !important;display:none!important;}\u00a0\u00bb z_index=\u00a0\u00bb\u00a0\u00bb][vc_column][vc_column_text]<\/p>\n<h1>L&rsquo;\u00c9QUIPE<\/h1>\n<p>[\/vc_column_text][\/vc_column][\/vc_row][vc_row css_animation=\u00a0\u00bb\u00a0\u00bb row_type=\u00a0\u00bbrow\u00a0\u00bb use_row_as_full_screen_section=\u00a0\u00bbno\u00a0\u00bb type=\u00a0\u00bbfull_width\u00a0\u00bb angled_section=\u00a0\u00bbno\u00a0\u00bb text_align=\u00a0\u00bbleft\u00a0\u00bb background_image_as_pattern=\u00a0\u00bbwithout_pattern\u00a0\u00bb el_class=\u00a0\u00bbteam_member_cl\u00a0\u00bb css=\u00a0\u00bb.team_member_cl{display:none!important;}\u00a0\u00bb z_index=\u00a0\u00bb\u00a0\u00bb][vc_column width=\u00a0\u00bb1\/4&Prime;]<div class=\"q_team\" ><div class=\"q_team_inner\"><div class=\"q_team_image\"><img decoding=\"async\" itemprop=\"image\" src=\"https:\/\/www.m2assurance.com\/wp-content\/uploads\/2018\/02\/11.jpg\" alt=\"11\" \/><\/div><div class='q_team_text' ><div class=\"q_team_text_inner\"><div class=\"q_team_title_holder\"><h2 class=\"q_team_name\" >Matthieu Pr\u00e9fontaine<\/h2><span >Pr\u00e9sident \/ Courtier en assurance de dommages<\/span><\/div><div class='separator small center' ><\/div><\/div><div class='q_team_social_holder'><span class='q_social_icon_holder normal_social' ><a itemprop='url' href='http:\/\/mp@m2assurance.com' target=''><i class=\"qode_icon_font_awesome fa fa-envelope fa-2x simple_social\" style=\"\" ><\/i><\/a><\/span><\/div><\/div><\/div><\/div>[\/vc_column][vc_column width=\u00a0\u00bb1\/4&Prime;][\/vc_column][vc_column width=\u00a0\u00bb1\/4&Prime;][\/vc_column][vc_column width=\u00a0\u00bb1\/4&Prime;][\/vc_column][\/vc_row][vc_row css_animation=\u00a0\u00bb\u00a0\u00bb row_type=\u00a0\u00bbrow\u00a0\u00bb use_row_as_full_screen_section=\u00a0\u00bbno\u00a0\u00bb type=\u00a0\u00bbfull_width\u00a0\u00bb angled_section=\u00a0\u00bbno\u00a0\u00bb text_align=\u00a0\u00bbleft\u00a0\u00bb background_image_as_pattern=\u00a0\u00bbwithout_pattern\u00a0\u00bb el_class=\u00a0\u00bbteam_member_cl\u00a0\u00bb z_index=\u00a0\u00bb\u00a0\u00bb][vc_column width=\u00a0\u00bb1\/4&Prime;]<div class=\"q_team\" ><div class=\"q_team_inner\"><div class=\"q_team_image\"><img decoding=\"async\" itemprop=\"image\" src=\"https:\/\/www.m2assurance.com\/wp-content\/uploads\/2018\/03\/jos\u00e9e-01-_72.jpg\" alt=\"jos\u00e9e 01 _72\" \/><\/div><div class='q_team_text' ><div class=\"q_team_text_inner\"><div class=\"q_team_title_holder\"><h2 class=\"q_team_name\" >Jos\u00e9e Lavigne<\/h2><span >Directrice \u2013 Assurance des particuliers \/ Courtier en assurance de dommages des particuliers<\/span><\/div><div class='separator small center' ><\/div><\/div><div class='q_team_social_holder'><span class='q_social_icon_holder normal_social' ><a itemprop='url' href='http:\/\/josee.lavigne@m2assurance.com' target=''><i class=\"qode_icon_font_awesome fa fa-envelope fa-2x simple_social\" style=\"\" ><\/i><\/a><\/span><\/div><\/div><\/div><\/div>[\/vc_column][vc_column width=\u00a0\u00bb1\/4&Prime;]<div class=\"q_team\" ><div class=\"q_team_inner\"><div class=\"q_team_image\"><img decoding=\"async\" itemprop=\"image\" src=\"https:\/\/www.m2assurance.com\/wp-content\/uploads\/2018\/02\/janet-small.jpg\" alt=\"janet small\" \/><\/div><div class='q_team_text' ><div class=\"q_team_text_inner\"><div class=\"q_team_title_holder\"><h2 class=\"q_team_name\" >Janet Savernik<\/h2><span >Directrice \u2013 Assurance transport \/ Courtier en assurance de dommages, R.I.B.O.<\/span><\/div><div class='separator small center' ><\/div><\/div><div class='q_team_social_holder'><span class='q_social_icon_holder normal_social' ><a itemprop='url' href='http:\/\/janet.savernik@m2assurance.com' target=''><i class=\"qode_icon_font_awesome fa fa-envelope fa-2x simple_social\" style=\"\" ><\/i><\/a><\/span><\/div><\/div><\/div><\/div>[\/vc_column][vc_column width=\u00a0\u00bb1\/4&Prime;]<div class=\"q_team\" ><div class=\"q_team_inner\"><div class=\"q_team_image\"><img decoding=\"async\" itemprop=\"image\" src=\"https:\/\/www.m2assurance.com\/wp-content\/uploads\/2018\/02\/20.jpg\" alt=\"20\" \/><\/div><div class='q_team_text' ><div class=\"q_team_text_inner\"><div class=\"q_team_title_holder\"><h2 class=\"q_team_name\" >Jacques Hurtubise<\/h2><span >Directeur - Assurance des entreprises \/ Courtier en assurance de dommages<\/span><\/div><div class='separator small center' ><\/div><\/div><div class='q_team_social_holder'><span class='q_social_icon_holder normal_social' ><a itemprop='url' href='http:\/\/jacques.hurtubise@m2assurance.com' target=''><i class=\"qode_icon_font_awesome fa fa-envelope fa-2x simple_social\" style=\"\" ><\/i><\/a><\/span><\/div><\/div><\/div><\/div>[\/vc_column][vc_column width=\u00a0\u00bb1\/4&Prime;]<div class=\"q_team\" ><div class=\"q_team_inner\"><div class=\"q_team_image\"><img decoding=\"async\" itemprop=\"image\" src=\"https:\/\/www.m2assurance.com\/wp-content\/uploads\/2018\/02\/39.jpg\" alt=\"39\" \/><\/div><div class='q_team_text' ><div class=\"q_team_text_inner\"><div class=\"q_team_title_holder\"><h2 class=\"q_team_name\" >Am\u00e9lie Fug\u00e8re<\/h2><span >Directrice des op\u00e9rations \/ Courtier en assurance de dommages<\/span><\/div><div class='separator small center' ><\/div><\/div><div class='q_team_social_holder'><span class='q_social_icon_holder normal_social' ><a itemprop='url' href='http:\/\/amelie.fugere@m2assurance.com' target=''><i class=\"qode_icon_font_awesome fa fa-envelope fa-2x simple_social\" style=\"\" ><\/i><\/a><\/span><\/div><\/div><\/div><\/div>[\/vc_column][\/vc_row][vc_row css_animation=\u00a0\u00bb\u00a0\u00bb row_type=\u00a0\u00bbrow\u00a0\u00bb use_row_as_full_screen_section=\u00a0\u00bbno\u00a0\u00bb type=\u00a0\u00bbfull_width\u00a0\u00bb angled_section=\u00a0\u00bbno\u00a0\u00bb text_align=\u00a0\u00bbleft\u00a0\u00bb background_image_as_pattern=\u00a0\u00bbwithout_pattern\u00a0\u00bb css=\u00a0\u00bb.vc_custom_1528792499540{padding-top: 30px !important;}\u00a0\u00bb z_index=\u00a0\u00bb\u00a0\u00bb el_class=\u00a0\u00bbteam_member_cl\u00a0\u00bb][vc_column width=\u00a0\u00bb1\/4&Prime;]<div class=\"q_team\" ><div class=\"q_team_inner\"><div class=\"q_team_image\"><img decoding=\"async\" itemprop=\"image\" src=\"https:\/\/www.m2assurance.com\/wp-content\/uploads\/2018\/02\/30.jpg\" alt=\"30\" \/><\/div><div class='q_team_text' ><div class=\"q_team_text_inner\"><div class=\"q_team_title_holder\"><h2 class=\"q_team_name\" >James Depretis<\/h2><span >Courtier en assurance de dommages des particuliers<\/span><\/div><div class='separator small center' ><\/div><\/div><div class='q_team_social_holder'><span class='q_social_icon_holder normal_social' ><a itemprop='url' href='http:\/\/james.depretis@m2assurance.com' target=''><i class=\"qode_icon_font_awesome fa fa-envelope fa-2x simple_social\" style=\"\" ><\/i><\/a><\/span><\/div><\/div><\/div><\/div>[\/vc_column][vc_column width=\u00a0\u00bb1\/4&Prime;]<div class=\"q_team\" ><div class=\"q_team_inner\"><div class=\"q_team_image\"><img decoding=\"async\" itemprop=\"image\" src=\"https:\/\/www.m2assurance.com\/wp-content\/uploads\/2018\/03\/2018-02-_72.jpg\" alt=\"2018 02 _72\" \/><\/div><div class='q_team_text' ><div class=\"q_team_text_inner\"><div class=\"q_team_title_holder\"><h2 class=\"q_team_name\" >V\u00e9ronique Moquin<\/h2><span >Directrice adjointe \u2013 Assurance des particuliers \/ Courtier en assurance de dommages des particuliers<\/span><\/div><div class='separator small center' ><\/div><\/div><div class='q_team_social_holder'><span class='q_social_icon_holder normal_social' ><a itemprop='url' href='http:\/\/veronique.moquin@m2assurance.com' target=''><i class=\"qode_icon_font_awesome fa fa-envelope fa-2x simple_social\" style=\"\" ><\/i><\/a><\/span><\/div><\/div><\/div><\/div>[\/vc_column][vc_column width=\u00a0\u00bb1\/4&Prime;]<div class=\"q_team\" ><div class=\"q_team_inner\"><div class=\"q_team_image\"><img decoding=\"async\" itemprop=\"image\" src=\"https:\/\/www.m2assurance.com\/wp-content\/uploads\/2018\/02\/louise-asselin-72.jpg\" alt=\"louise asselin 72\" \/><\/div><div class='q_team_text' ><div class=\"q_team_text_inner\"><div class=\"q_team_title_holder\"><h2 class=\"q_team_name\" >Louise Asselin<\/h2><span >Courtier en assurance de dommages<\/span><\/div><div class='separator small center' ><\/div><\/div><div class='q_team_social_holder'><span class='q_social_icon_holder normal_social' ><a itemprop='url' href='http:\/\/louise.asselin@m2assurance.com' target=''><i class=\"qode_icon_font_awesome fa fa-envelope fa-2x simple_social\" style=\"\" ><\/i><\/a><\/span><\/div><\/div><\/div><\/div>[\/vc_column][vc_column width=\u00a0\u00bb1\/4&Prime;]<div class=\"q_team\" ><div class=\"q_team_inner\"><div class=\"q_team_image\"><img decoding=\"async\" itemprop=\"image\" src=\"https:\/\/www.m2assurance.com\/wp-content\/uploads\/2018\/02\/44.jpg\" alt=\"44\" \/><\/div><div class='q_team_text' ><div class=\"q_team_text_inner\"><div class=\"q_team_title_holder\"><h2 class=\"q_team_name\" >Fran\u00e7ois De Muynck<\/h2><span >Courtier en assurance de dommages<\/span><\/div><div class='separator small center' ><\/div><\/div><div class='q_team_social_holder'><span class='q_social_icon_holder normal_social' ><a itemprop='url' href='http:\/\/fdm@m2assurance.com' target=''><i class=\"qode_icon_font_awesome fa fa-envelope fa-2x simple_social\" style=\"\" ><\/i><\/a><\/span><\/div><\/div><\/div><\/div>[\/vc_column][\/vc_row][vc_row css_animation=\u00a0\u00bb\u00a0\u00bb row_type=\u00a0\u00bbrow\u00a0\u00bb use_row_as_full_screen_section=\u00a0\u00bbno\u00a0\u00bb type=\u00a0\u00bbfull_width\u00a0\u00bb angled_section=\u00a0\u00bbno\u00a0\u00bb text_align=\u00a0\u00bbleft\u00a0\u00bb background_image_as_pattern=\u00a0\u00bbwithout_pattern\u00a0\u00bb css=\u00a0\u00bb.vc_custom_1528792534347{padding-top: 30px !important;}\u00a0\u00bb z_index=\u00a0\u00bb\u00a0\u00bb el_class=\u00a0\u00bbteam_member_cl\u00a0\u00bb][vc_column width=\u00a0\u00bb1\/4&Prime;]<div class=\"q_team\" ><div class=\"q_team_inner\"><div class=\"q_team_image\"><img decoding=\"async\" itemprop=\"image\" src=\"https:\/\/www.m2assurance.com\/wp-content\/uploads\/2018\/02\/36.jpg\" alt=\"36\" \/><\/div><div class='q_team_text' ><div class=\"q_team_text_inner\"><div class=\"q_team_title_holder\"><h2 class=\"q_team_name\" >Can Ibis<\/h2><span >Courtier en assurance de dommages<\/span><\/div><div class='separator small center' ><\/div><\/div><div class='q_team_social_holder'><span class='q_social_icon_holder normal_social' ><a itemprop='url' href='http:\/\/can.ibis@m2assurance.com' target=''><i class=\"qode_icon_font_awesome fa fa-envelope fa-2x simple_social\" style=\"\" ><\/i><\/a><\/span><\/div><\/div><\/div><\/div>[\/vc_column][vc_column width=\u00a0\u00bb1\/4&Prime;]<div class=\"q_team\" ><div class=\"q_team_inner\"><div class=\"q_team_image\"><img decoding=\"async\" itemprop=\"image\" src=\"https:\/\/www.m2assurance.com\/wp-content\/uploads\/2018\/02\/07.jpg\" alt=\"07\" \/><\/div><div class='q_team_text' ><div class=\"q_team_text_inner\"><div class=\"q_team_title_holder\"><h2 class=\"q_team_name\" >Julien Chevalier Sauv\u00e9<\/h2><span >Courtier en assurance de dommages des particuliers<\/span><\/div><div class='separator small center' ><\/div><\/div><div class='q_team_social_holder'><span class='q_social_icon_holder normal_social' ><a itemprop='url' href='http:\/\/Julien.chevaliersauve@m2assurance.com' target=''><i class=\"qode_icon_font_awesome fa fa-envelope fa-2x simple_social\" style=\"\" ><\/i><\/a><\/span><\/div><\/div><\/div><\/div>[\/vc_column][vc_column width=\u00a0\u00bb1\/4&Prime;]<div class=\"q_team\" ><div class=\"q_team_inner\"><div class=\"q_team_image\"><img decoding=\"async\" itemprop=\"image\" src=\"https:\/\/www.m2assurance.com\/wp-content\/uploads\/2018\/03\/sandy-01-_72.jpg\" alt=\"sandy 01 _72\" \/><\/div><div class='q_team_text' ><div class=\"q_team_text_inner\"><div class=\"q_team_title_holder\"><h2 class=\"q_team_name\" >Sandy Bertrand<\/h2><span >Courtier en assurance de dommages<\/span><\/div><div class='separator small center' ><\/div><\/div><div class='q_team_social_holder'><span class='q_social_icon_holder normal_social' ><a itemprop='url' href='http:\/\/sandy.bertrand@m2assurance.com' target=''><i class=\"qode_icon_font_awesome fa fa-envelope fa-2x simple_social\" style=\"\" ><\/i><\/a><\/span><\/div><\/div><\/div><\/div>[\/vc_column][vc_column width=\u00a0\u00bb1\/4&Prime;]<div class=\"q_team\" ><div class=\"q_team_inner\"><div class=\"q_team_image\"><img decoding=\"async\" itemprop=\"image\" src=\"https:\/\/www.m2assurance.com\/wp-content\/uploads\/2018\/02\/22.jpg\" alt=\"22\" \/><\/div><div class='q_team_text' ><div class=\"q_team_text_inner\"><div class=\"q_team_title_holder\"><h2 class=\"q_team_name\" >Linda Bourassa<\/h2><span >Courtier en assurance de dommages des particuliers<\/span><\/div><div class='separator small center' ><\/div><\/div><div class='q_team_social_holder'><span class='q_social_icon_holder normal_social' ><a itemprop='url' href='http:\/\/linda.bourassa@m2assurance.com' target=''><i class=\"qode_icon_font_awesome fa fa-envelope fa-2x simple_social\" style=\"\" ><\/i><\/a><\/span><\/div><\/div><\/div><\/div>[\/vc_column][\/vc_row][vc_row css_animation=\u00a0\u00bb\u00a0\u00bb row_type=\u00a0\u00bbrow\u00a0\u00bb use_row_as_full_screen_section=\u00a0\u00bbno\u00a0\u00bb type=\u00a0\u00bbfull_width\u00a0\u00bb angled_section=\u00a0\u00bbno\u00a0\u00bb text_align=\u00a0\u00bbleft\u00a0\u00bb background_image_as_pattern=\u00a0\u00bbwithout_pattern\u00a0\u00bb css=\u00a0\u00bb.vc_custom_1528792538455{padding-top: 30px !important;}\u00a0\u00bb z_index=\u00a0\u00bb\u00a0\u00bb el_class=\u00a0\u00bbteam_member_cl\u00a0\u00bb][vc_column width=\u00a0\u00bb1\/4&Prime;]<div class=\"q_team\" ><div class=\"q_team_inner\"><div class=\"q_team_image\"><img decoding=\"async\" itemprop=\"image\" src=\"https:\/\/www.m2assurance.com\/wp-content\/uploads\/2018\/02\/louise-lavoie-small.jpg\" alt=\"louise lavoie small\" \/><\/div><div class='q_team_text' ><div class=\"q_team_text_inner\"><div class=\"q_team_title_holder\"><h2 class=\"q_team_name\" >Louise Lavoie<\/h2><span >Courtier en assurance de dommages des particuliers<\/span><\/div><div class='separator small center' ><\/div><\/div><div class='q_team_social_holder'><span class='q_social_icon_holder normal_social' ><a itemprop='url' href='http:\/\/louise.lavoie@m2assurance.com' target=''><i class=\"qode_icon_font_awesome fa fa-envelope fa-2x simple_social\" style=\"\" ><\/i><\/a><\/span><\/div><\/div><\/div><\/div>[\/vc_column][vc_column width=\u00a0\u00bb1\/4&Prime;]<div class=\"q_team\" ><div class=\"q_team_inner\"><div class=\"q_team_image\"><img decoding=\"async\" itemprop=\"image\" src=\"https:\/\/www.m2assurance.com\/wp-content\/uploads\/2018\/02\/25.jpg\" alt=\"25\" \/><\/div><div class='q_team_text' ><div class=\"q_team_text_inner\"><div class=\"q_team_title_holder\"><h2 class=\"q_team_name\" >Julie Sutherland<\/h2><span >Courtier en assurance de dommages des particuliers<\/span><\/div><div class='separator small center' ><\/div><\/div><div class='q_team_social_holder'><span class='q_social_icon_holder normal_social' ><a itemprop='url' href='http:\/\/julie.sutherland@m2assurance.com' target=''><i class=\"qode_icon_font_awesome fa fa-envelope fa-2x simple_social\" style=\"\" ><\/i><\/a><\/span><\/div><\/div><\/div><\/div>[\/vc_column][vc_column width=\u00a0\u00bb1\/4&Prime;]<div class=\"q_team\" ><div class=\"q_team_inner\"><div class=\"q_team_image\"><img decoding=\"async\" itemprop=\"image\" src=\"https:\/\/www.m2assurance.com\/wp-content\/uploads\/2018\/02\/jessica-small.jpg\" alt=\"jessica small\" \/><\/div><div class='q_team_text' ><div class=\"q_team_text_inner\"><div class=\"q_team_title_holder\"><h2 class=\"q_team_name\" >Jessica Isabelle-Chicoine<\/h2><span >Tehcnicienne-comptable<\/span><\/div><div class='separator small center' ><\/div><\/div><div class='q_team_social_holder'><span class='q_social_icon_holder normal_social' ><a itemprop='url' href='http:\/\/jessica.isabelle-chicoine@m2assurance.com' target=''><i class=\"qode_icon_font_awesome fa fa-envelope fa-2x simple_social\" style=\"\" ><\/i><\/a><\/span><\/div><\/div><\/div><\/div>[\/vc_column][vc_column width=\u00a0\u00bb1\/4&Prime;]<div class=\"q_team\" ><div class=\"q_team_inner\"><div class=\"q_team_image\"><img decoding=\"async\" itemprop=\"image\" src=\"https:\/\/www.m2assurance.com\/wp-content\/uploads\/2018\/03\/louise-01-_72.jpg\" alt=\"louise 01 _72\" \/><\/div><div class='q_team_text' ><div class=\"q_team_text_inner\"><div class=\"q_team_title_holder\"><h2 class=\"q_team_name\" >Louise Savard<\/h2><span >Courtier en assurance de dommages<\/span><\/div><div class='separator small center' ><\/div><\/div><div class='q_team_social_holder'><span class='q_social_icon_holder normal_social' ><a itemprop='url' href='http:\/\/louise.savard@m2assurance.com' target=''><i class=\"qode_icon_font_awesome fa fa-envelope fa-2x simple_social\" style=\"\" ><\/i><\/a><\/span><\/div><\/div><\/div><\/div>[\/vc_column][\/vc_row][vc_row css_animation=\u00a0\u00bb\u00a0\u00bb row_type=\u00a0\u00bbrow\u00a0\u00bb use_row_as_full_screen_section=\u00a0\u00bbno\u00a0\u00bb type=\u00a0\u00bbfull_width\u00a0\u00bb angled_section=\u00a0\u00bbno\u00a0\u00bb text_align=\u00a0\u00bbleft\u00a0\u00bb background_image_as_pattern=\u00a0\u00bbwithout_pattern\u00a0\u00bb css=\u00a0\u00bb.vc_custom_1528792544479{padding-top: 30px !important;}\u00a0\u00bb z_index=\u00a0\u00bb\u00a0\u00bb el_class=\u00a0\u00bbteam_member_cl\u00a0\u00bb][vc_column width=\u00a0\u00bb1\/4&Prime;]<div class=\"q_team\" ><div class=\"q_team_inner\"><div class=\"q_team_image\"><img decoding=\"async\" itemprop=\"image\" src=\"https:\/\/www.m2assurance.com\/wp-content\/uploads\/2018\/02\/14.jpg\" alt=\"14\" \/><\/div><div class='q_team_text' ><div class=\"q_team_text_inner\"><div class=\"q_team_title_holder\"><h2 class=\"q_team_name\" >Joe Depretis<\/h2><span >Courtier en assurance de dommages<\/span><\/div><div class='separator small center' ><\/div><\/div><div class='q_team_social_holder'><span class='q_social_icon_holder normal_social' ><a itemprop='url' href='http:\/\/joe.depretis@m2assurance.com' target=''><i class=\"qode_icon_font_awesome fa fa-envelope fa-2x simple_social\" style=\"\" ><\/i><\/a><\/span><\/div><\/div><\/div><\/div>[\/vc_column][vc_column width=\u00a0\u00bb1\/4&Prime;]<div class=\"q_team\" ><div class=\"q_team_inner\"><div class=\"q_team_image\"><img decoding=\"async\" itemprop=\"image\" src=\"https:\/\/www.m2assurance.com\/wp-content\/uploads\/2018\/02\/49.jpg\" alt=\"49\" \/><\/div><div class='q_team_text' ><div class=\"q_team_text_inner\"><div class=\"q_team_title_holder\"><h2 class=\"q_team_name\" >Charles-Antoine Juneau<\/h2><span >Courtier en assurance de dommages des entreprises<\/span><\/div><div class='separator small center' ><\/div><\/div><div class='q_team_social_holder'><span class='q_social_icon_holder normal_social' ><a itemprop='url' href='http:\/\/charles-antoine.juneau@m2assurance.com' target=''><i class=\"qode_icon_font_awesome fa fa-envelope fa-2x simple_social\" style=\"\" ><\/i><\/a><\/span><\/div><\/div><\/div><\/div>[\/vc_column][vc_column width=\u00a0\u00bb1\/4&Prime;]<div class=\"q_team\" ><div class=\"q_team_inner\"><div class=\"q_team_image\"><img decoding=\"async\" itemprop=\"image\" src=\"https:\/\/www.m2assurance.com\/wp-content\/uploads\/2018\/02\/34.jpg\" alt=\"34\" \/><\/div><div class='q_team_text' ><div class=\"q_team_text_inner\"><div class=\"q_team_title_holder\"><h2 class=\"q_team_name\" >Genevi\u00e8ve Normandeau<\/h2><span >Adjointe administrative<\/span><\/div><div class='separator small center' ><\/div><\/div><div class='q_team_social_holder'><span class='q_social_icon_holder normal_social' ><a itemprop='url' href='http:\/\/genevieve.normandeau@m2assurance.com' target=''><i class=\"qode_icon_font_awesome fa fa-envelope fa-2x simple_social\" style=\"\" ><\/i><\/a><\/span><\/div><\/div><\/div><\/div>[\/vc_column][vc_column width=\u00a0\u00bb1\/4&Prime;]<div class=\"q_team\" ><div class=\"q_team_inner\"><div class=\"q_team_image\"><img decoding=\"async\" itemprop=\"image\" src=\"https:\/\/www.m2assurance.com\/wp-content\/uploads\/2018\/02\/46.jpg\" alt=\"46\" \/><\/div><div class='q_team_text' ><div class=\"q_team_text_inner\"><div class=\"q_team_title_holder\"><h2 class=\"q_team_name\" >Jean-S\u00e9bastien Larocque<\/h2><span >Courtier en assurance de dommages<\/span><\/div><div class='separator small center' ><\/div><\/div><div class='q_team_social_holder'><span class='q_social_icon_holder normal_social' ><a itemprop='url' href='http:\/\/jsl@m2assurance.com' target=''><i class=\"qode_icon_font_awesome fa fa-envelope fa-2x simple_social\" style=\"\" ><\/i><\/a><\/span><\/div><\/div><\/div><\/div>[\/vc_column][\/vc_row][vc_row css_animation=\u00a0\u00bb\u00a0\u00bb row_type=\u00a0\u00bbrow\u00a0\u00bb use_row_as_full_screen_section=\u00a0\u00bbno\u00a0\u00bb type=\u00a0\u00bbfull_width\u00a0\u00bb angled_section=\u00a0\u00bbno\u00a0\u00bb text_align=\u00a0\u00bbleft\u00a0\u00bb background_image_as_pattern=\u00a0\u00bbwithout_pattern\u00a0\u00bb css=\u00a0\u00bb.vc_custom_1528792549862{padding-top: 30px !important;}\u00a0\u00bb z_index=\u00a0\u00bb\u00a0\u00bb el_class=\u00a0\u00bbteam_member_cl\u00a0\u00bb][vc_column width=\u00a0\u00bb1\/4&Prime;]<div class=\"q_team\" ><div class=\"q_team_inner\"><div class=\"q_team_image\"><img decoding=\"async\" itemprop=\"image\" src=\"https:\/\/www.m2assurance.com\/wp-content\/uploads\/2018\/02\/blur.jpg\" alt=\"blur\" \/><\/div><div class='q_team_text' ><div class=\"q_team_text_inner\"><div class=\"q_team_title_holder\"><h2 class=\"q_team_name\" >Carine Debonville<\/h2><span >Adjointe au camionnage \/ Courtier en assurance de dommages des particuliers<\/span><\/div><div class='separator small center' ><\/div><\/div><div class='q_team_social_holder'><span class='q_social_icon_holder normal_social' ><a itemprop='url' href='http:\/\/carine.debonville@m2assurance.com' target=''><i class=\"qode_icon_font_awesome fa fa-envelope fa-2x simple_social\" style=\"\" ><\/i><\/a><\/span><\/div><\/div><\/div><\/div>[\/vc_column][vc_column width=\u00a0\u00bb1\/4&Prime;]<div class=\"q_team\" ><div class=\"q_team_inner\"><div class=\"q_team_image\"><img decoding=\"async\" itemprop=\"image\" src=\"https:\/\/www.m2assurance.com\/wp-content\/uploads\/2018\/03\/marie-jos\u00e9e-01-_72.jpg\" alt=\"marie jos\u00e9e 01 _72\" \/><\/div><div class='q_team_text' ><div class=\"q_team_text_inner\"><div class=\"q_team_title_holder\"><h2 class=\"q_team_name\" >Marie-Jos\u00e9e Roy<\/h2><span >Adjointe au camionnage \/ Courtier en assurance de dommages<\/span><\/div><div class='separator small center' ><\/div><\/div><div class='q_team_social_holder'><span class='q_social_icon_holder normal_social' ><a itemprop='url' href='http:\/\/marie-josee.roy@m2assurance.com' target=''><i class=\"qode_icon_font_awesome fa fa-envelope fa-2x simple_social\" style=\"\" ><\/i><\/a><\/span><\/div><\/div><\/div><\/div>[\/vc_column][vc_column width=\u00a0\u00bb1\/4&Prime;]<div class=\"q_team\" ><div class=\"q_team_inner\"><div class=\"q_team_image\"><img decoding=\"async\" itemprop=\"image\" src=\"https:\/\/www.m2assurance.com\/wp-content\/uploads\/2018\/02\/32.jpg\" alt=\"32\" \/><\/div><div class='q_team_text' ><div class=\"q_team_text_inner\"><div class=\"q_team_title_holder\"><h2 class=\"q_team_name\" >Marie-Jo Gosselin<\/h2><span >Adjointe au camionnage<\/span><\/div><div class='separator small center' ><\/div><\/div><div class='q_team_social_holder'><span class='q_social_icon_holder normal_social' ><a itemprop='url' href='http:\/\/marie-jo.gosselin@m2assurance.com' target=''><i class=\"qode_icon_font_awesome fa fa-envelope fa-2x simple_social\" style=\"\" ><\/i><\/a><\/span><\/div><\/div><\/div><\/div>[\/vc_column][vc_column width=\u00a0\u00bb1\/4&Prime;]<div class=\"q_team\" ><div class=\"q_team_inner\"><div class=\"q_team_image\"><img decoding=\"async\" itemprop=\"image\" src=\"https:\/\/www.m2assurance.com\/wp-content\/uploads\/2018\/03\/valerie-01-_72.jpg\" alt=\"valerie 01 _72\" \/><\/div><div class='q_team_text' ><div class=\"q_team_text_inner\"><div class=\"q_team_title_holder\"><h2 class=\"q_team_name\" >Val\u00e9rie Ledoux<\/h2><span >R\u00e9ceptionniste<\/span><\/div><div class='separator small center' ><\/div><\/div><div class='q_team_social_holder'><span class='q_social_icon_holder normal_social' ><a itemprop='url' href='http:\/\/valerie.ledoux@m2assurance.com' target=''><i class=\"qode_icon_font_awesome fa fa-envelope fa-2x simple_social\" style=\"\" ><\/i><\/a><\/span><\/div><\/div><\/div><\/div>[\/vc_column][\/vc_row][vc_row css_animation=\u00a0\u00bb\u00a0\u00bb row_type=\u00a0\u00bbrow\u00a0\u00bb use_row_as_full_screen_section=\u00a0\u00bbno\u00a0\u00bb type=\u00a0\u00bbfull_width\u00a0\u00bb angled_section=\u00a0\u00bbno\u00a0\u00bb text_align=\u00a0\u00bbleft\u00a0\u00bb background_image_as_pattern=\u00a0\u00bbwithout_pattern\u00a0\u00bb css=\u00a0\u00bb.vc_custom_1517947111902{padding-top: 30px !important;}\u00a0\u00bb z_index=\u00a0\u00bb\u00a0\u00bb][vc_column width=\u00a0\u00bb1\/4&Prime;][\/vc_column][vc_column width=\u00a0\u00bb1\/4&Prime;][\/vc_column][vc_column width=\u00a0\u00bb1\/4&Prime;][\/vc_column][vc_column width=\u00a0\u00bb1\/4&Prime;][\/vc_column][\/vc_row]<\/p>\n<\/div>","protected":false},"excerpt":{"rendered":"<p>[vc_row css_animation=\u00a0\u00bb\u00a0\u00bb row_type=\u00a0\u00bbrow\u00a0\u00bb use_row_as_full_screen_section=\u00a0\u00bbno\u00a0\u00bb type=\u00a0\u00bbfull_width\u00a0\u00bb angled_section=\u00a0\u00bbno\u00a0\u00bb text_align=\u00a0\u00bbleft\u00a0\u00bb background_image_as_pattern=\u00a0\u00bbwithout_pattern\u00a0\u00bb css=\u00a0\u00bb.vc_custom_1557253783944{padding-top: 30px !important;padding-bottom: 30px !important;background-color: #e2e1e1 !important;}\u00a0\u00bb z_index=\u00a0\u00bb\u00a0\u00bb][vc_column][vc_row_inner row_type=\u00a0\u00bbrow\u00a0\u00bb type=\u00a0\u00bbgrid\u00a0\u00bb text_align=\u00a0\u00bbleft\u00a0\u00bb css_animation=\u00a0\u00bb\u00a0\u00bb][vc_column_inner][vc_column_text] \u00c0 propos [\/vc_column_text][\/vc_column_inner][\/vc_row_inner][\/vc_column][\/vc_row][vc_row css_animation=\u00a0\u00bb\u00a0\u00bb row_type=\u00a0\u00bbrow\u00a0\u00bb use_row_as_full_screen_section=\u00a0\u00bbno\u00a0\u00bb type=\u00a0\u00bbgrid\u00a0\u00bb angled_section=\u00a0\u00bbno\u00a0\u00bb text_align=\u00a0\u00bbleft\u00a0\u00bb background_image_as_pattern=\u00a0\u00bbwithout_pattern\u00a0\u00bb css=\u00a0\u00bb.vc_custom_1557253808384{padding-top: 15px !important;background-color: #ffffff !important;}\u00a0\u00bb z_index=\u00a0\u00bb\u00a0\u00bb][vc_column el_class=\u00a0\u00bbinner_page_top_left\u00a0\u00bb][vc_column_text css=\u00a0\u00bb.vc_custom_1640877384744{margin-bottom: 30px !important;}\u00a0\u00bb el_class=\u00a0\u00bbvaleurs-intro\u00a0\u00bb]M2 Assurance est un cabinet&#8230;<\/p>\n","protected":false},"author":7,"featured_media":0,"parent":0,"menu_order":0,"comment_status":"closed","ping_status":"closed","template":"full_width.php","meta":{"footnotes":""},"class_list":["post-44","page","type-page","status-publish","hentry"],"yoast_head":"<!-- This site is optimized with the Yoast SEO plugin v27.1.1 - https:\/\/yoast.com\/product\/yoast-seo-wordpress\/ -->\n<title>\u00c0 propos | M2 Assurance<\/title>\n<meta name=\"description\" content=\"M2 Assurance est un cabinet qui regroupe plus de 20 courtiers en assurance de dommages. Nos courtiers exercent leur profession avec int\u00e9grit\u00e9, innovation et respect.\" \/>\n<meta name=\"robots\" content=\"index, follow, max-snippet:-1, max-image-preview:large, max-video-preview:-1\" \/>\n<link rel=\"canonical\" href=\"https:\/\/www.m2assurance.com\/fr\/a-propos\/\" \/>\n<meta property=\"og:locale\" content=\"fr_FR\" \/>\n<meta property=\"og:type\" content=\"article\" \/>\n<meta property=\"og:title\" content=\"\u00c0 propos | M2 Assurance\" \/>\n<meta property=\"og:description\" content=\"M2 Assurance est un cabinet qui regroupe plus de 20 courtiers en assurance de dommages. Nos courtiers exercent leur profession avec int\u00e9grit\u00e9, innovation et respect.\" \/>\n<meta property=\"og:url\" content=\"https:\/\/www.m2assurance.com\/fr\/a-propos\/\" \/>\n<meta property=\"og:site_name\" content=\"M2 Assurance\" \/>\n<meta property=\"article:modified_time\" content=\"2021-12-30T15:16:41+00:00\" \/>\n<meta name=\"twitter:card\" content=\"summary_large_image\" \/>\n<meta name=\"twitter:label1\" content=\"Dur\u00e9e de lecture estim\u00e9e\" \/>\n\t<meta name=\"twitter:data1\" content=\"5 minutes\" \/>\n<script type=\"application\/ld+json\" class=\"yoast-schema-graph\">{\"@context\":\"https:\/\/schema.org\",\"@graph\":[{\"@type\":\"WebPage\",\"@id\":\"https:\/\/www.m2assurance.com\/fr\/a-propos\/\",\"url\":\"https:\/\/www.m2assurance.com\/fr\/a-propos\/\",\"name\":\"\u00c0 propos | M2 Assurance\",\"isPartOf\":{\"@id\":\"https:\/\/www.m2assurance.com\/fr\/#website\"},\"datePublished\":\"2018-02-06T16:29:04+00:00\",\"dateModified\":\"2021-12-30T15:16:41+00:00\",\"description\":\"M2 Assurance est un cabinet qui regroupe plus de 20 courtiers en assurance de dommages. Nos courtiers exercent leur profession avec int\u00e9grit\u00e9, innovation et respect.\",\"breadcrumb\":{\"@id\":\"https:\/\/www.m2assurance.com\/fr\/a-propos\/#breadcrumb\"},\"inLanguage\":\"fr-FR\",\"potentialAction\":[{\"@type\":\"ReadAction\",\"target\":[\"https:\/\/www.m2assurance.com\/fr\/a-propos\/\"]}]},{\"@type\":\"BreadcrumbList\",\"@id\":\"https:\/\/www.m2assurance.com\/fr\/a-propos\/#breadcrumb\",\"itemListElement\":[{\"@type\":\"ListItem\",\"position\":1,\"name\":\"Home\",\"item\":\"https:\/\/www.m2assurance.com\/fr\/\"},{\"@type\":\"ListItem\",\"position\":2,\"name\":\"\u00c0 propos\"}]},{\"@type\":\"WebSite\",\"@id\":\"https:\/\/www.m2assurance.com\/fr\/#website\",\"url\":\"https:\/\/www.m2assurance.com\/fr\/\",\"name\":\"M2 Assurance\",\"description\":\"\",\"potentialAction\":[{\"@type\":\"SearchAction\",\"target\":{\"@type\":\"EntryPoint\",\"urlTemplate\":\"https:\/\/www.m2assurance.com\/fr\/?s={search_term_string}\"},\"query-input\":{\"@type\":\"PropertyValueSpecification\",\"valueRequired\":true,\"valueName\":\"search_term_string\"}}],\"inLanguage\":\"fr-FR\"}]}<\/script>\n<!-- \/ Yoast SEO plugin. -->","yoast_head_json":{"title":"\u00c0 propos | M2 Assurance","description":"M2 Assurance est un cabinet qui regroupe plus de 20 courtiers en assurance de dommages. Nos courtiers exercent leur profession avec int\u00e9grit\u00e9, innovation et respect.","robots":{"index":"index","follow":"follow","max-snippet":"max-snippet:-1","max-image-preview":"max-image-preview:large","max-video-preview":"max-video-preview:-1"},"canonical":"https:\/\/www.m2assurance.com\/fr\/a-propos\/","og_locale":"fr_FR","og_type":"article","og_title":"\u00c0 propos | M2 Assurance","og_description":"M2 Assurance est un cabinet qui regroupe plus de 20 courtiers en assurance de dommages. Nos courtiers exercent leur profession avec int\u00e9grit\u00e9, innovation et respect.","og_url":"https:\/\/www.m2assurance.com\/fr\/a-propos\/","og_site_name":"M2 Assurance","article_modified_time":"2021-12-30T15:16:41+00:00","twitter_card":"summary_large_image","twitter_misc":{"Dur\u00e9e de lecture estim\u00e9e":"5 minutes"},"schema":{"@context":"https:\/\/schema.org","@graph":[{"@type":"WebPage","@id":"https:\/\/www.m2assurance.com\/fr\/a-propos\/","url":"https:\/\/www.m2assurance.com\/fr\/a-propos\/","name":"\u00c0 propos | M2 Assurance","isPartOf":{"@id":"https:\/\/www.m2assurance.com\/fr\/#website"},"datePublished":"2018-02-06T16:29:04+00:00","dateModified":"2021-12-30T15:16:41+00:00","description":"M2 Assurance est un cabinet qui regroupe plus de 20 courtiers en assurance de dommages. Nos courtiers exercent leur profession avec int\u00e9grit\u00e9, innovation et respect.","breadcrumb":{"@id":"https:\/\/www.m2assurance.com\/fr\/a-propos\/#breadcrumb"},"inLanguage":"fr-FR","potentialAction":[{"@type":"ReadAction","target":["https:\/\/www.m2assurance.com\/fr\/a-propos\/"]}]},{"@type":"BreadcrumbList","@id":"https:\/\/www.m2assurance.com\/fr\/a-propos\/#breadcrumb","itemListElement":[{"@type":"ListItem","position":1,"name":"Home","item":"https:\/\/www.m2assurance.com\/fr\/"},{"@type":"ListItem","position":2,"name":"\u00c0 propos"}]},{"@type":"WebSite","@id":"https:\/\/www.m2assurance.com\/fr\/#website","url":"https:\/\/www.m2assurance.com\/fr\/","name":"M2 Assurance","description":"","potentialAction":[{"@type":"SearchAction","target":{"@type":"EntryPoint","urlTemplate":"https:\/\/www.m2assurance.com\/fr\/?s={search_term_string}"},"query-input":{"@type":"PropertyValueSpecification","valueRequired":true,"valueName":"search_term_string"}}],"inLanguage":"fr-FR"}]}},"_links":{"self":[{"href":"https:\/\/www.m2assurance.com\/fr\/wp-json\/wp\/v2\/pages\/44","targetHints":{"allow":["GET"]}}],"collection":[{"href":"https:\/\/www.m2assurance.com\/fr\/wp-json\/wp\/v2\/pages"}],"about":[{"href":"https:\/\/www.m2assurance.com\/fr\/wp-json\/wp\/v2\/types\/page"}],"author":[{"embeddable":true,"href":"https:\/\/www.m2assurance.com\/fr\/wp-json\/wp\/v2\/users\/7"}],"replies":[{"embeddable":true,"href":"https:\/\/www.m2assurance.com\/fr\/wp-json\/wp\/v2\/comments?post=44"}],"version-history":[{"count":16,"href":"https:\/\/www.m2assurance.com\/fr\/wp-json\/wp\/v2\/pages\/44\/revisions"}],"predecessor-version":[{"id":1109,"href":"https:\/\/www.m2assurance.com\/fr\/wp-json\/wp\/v2\/pages\/44\/revisions\/1109"}],"wp:attachment":[{"href":"https:\/\/www.m2assurance.com\/fr\/wp-json\/wp\/v2\/media?parent=44"}],"curies":[{"name":"wp","href":"https:\/\/api.w.org\/{rel}","templated":true}]}}